{"id":1745,"date":"2026-08-30T11:43:30","date_gmt":"2026-08-30T11:43:30","guid":{"rendered":"https:\/\/var2.in.rs\/?page_id=1745"},"modified":"2026-08-30T11:43:30","modified_gmt":"2026-08-30T11:43:30","slug":"niski-filmski-festival-2026","status":"publish","type":"page","link":"https:\/\/var2.in.rs\/index.php\/niski-filmski-festival-2026\/","title":{"rendered":"Ni\u0161ki filmski festival 2026"},"content":{"rendered":"\n<p class=\"wp-block-paragraph\"><strong>OVACIJE PUBLIKE OBELE\u017dILE SVE\u010cANO OTVARANJE FILMSKOG FESTIVALA U NI\u0160U<\/strong><\/p>\n\n\n\n<p class=\"wp-block-paragraph\"><strong>SNAGA I LJUBAV U SLAVU FILMA<\/strong><\/p>\n\n\n\n<p class=\"wp-block-paragraph\">Pod sloganom &#8222;Vi\u0161e od igre&#8220; ve\u010deras je sve\u010dano otvoren Ni\u0161ki filmski festival koji je ove godine organizovan u Amfiteatru na keju, a veliki broj glumaca koji su prisustvovali otvaranju pozdravio je vi\u0161e stotina Ni\u0161lija. Ki\u0161a nije mogla da pokvari atmosferu koja je jo\u0161 pre po\u010detka crvenog tepiha najavila ve\u010de za pam\u0107enje.<\/p>\n\n\n\n<figure class=\"wp-block-image size-large\"><img loading=\"lazy\" decoding=\"async\" width=\"1024\" height=\"682\" src=\"https:\/\/var2.in.rs\/wp-content\/uploads\/2026\/08\/NFF03-1024x682.jpg\" alt=\"\" class=\"wp-image-1746\" srcset=\"https:\/\/var2.in.rs\/wp-content\/uploads\/2026\/08\/NFF03-1024x682.jpg 1024w, https:\/\/var2.in.rs\/wp-content\/uploads\/2026\/08\/NFF03-767x511.jpg 767w, https:\/\/var2.in.rs\/wp-content\/uploads\/2026\/08\/NFF03-300x200.jpg 300w, https:\/\/var2.in.rs\/wp-content\/uploads\/2026\/08\/NFF03-1536x1024.jpg 1536w, https:\/\/var2.in.rs\/wp-content\/uploads\/2026\/08\/NFF03-2048x1365.jpg 2048w\" sizes=\"auto, (max-width: 1024px) 100vw, 1024px\" \/><\/figure>\n\n\n\n<p class=\"wp-block-paragraph\">Ceremoniju na crvenom tepihu otvorili su predstavnici Udru\u017eenja filmskih glumaca Srbije, krovne gluma\u010dke organizacije koja je ove godine samostano organizovala najve\u0107i i najzna\u010daniji filmski festival.<\/p>\n\n\n\n<p class=\"wp-block-paragraph\">&#8222;Ponosan sam \u0161to ste smogli snage, na\u0161li ume\u0107a i ljubavi da se ve\u010deras sretnemo u Ni\u0161u u slavu filma. Sada kada vas vidim ovde, znam da je najmanje \u0161to sam mogao da u\u010dinim bilo da poklonim jedno svoje leto o\u010duvanju tradicije i zna\u010daja ovih filmskih susreta&#8220; &#8211; poru\u010dio je Petar Ben\u010dina, predsednik Udru\u017eenja filmskih glumaca Srbije, koji je crvenim tepihom pro\u0161etao sa ovogodi\u0161njom laureatkinjom nagrade \u201ePavle Vuisi\u0107&#8220;, glumicom Tanjom Bo\u0161kovi\u0107.&nbsp;Ubrzo su im se pridru\u017eili i&nbsp;An\u0111elka Stevi\u0107 \u017dugi\u0107 i Marko Janketi\u0107 koji su ovogodi\u0161nji voditelji sve\u010dane ceremonjije otvaranja.<\/p>\n\n\n\n<figure class=\"wp-block-image size-full\"><img loading=\"lazy\" decoding=\"async\" width=\"2560\" height=\"1707\" src=\"https:\/\/var2.in.rs\/wp-content\/uploads\/2026\/08\/NFF02-scaled.jpg\" alt=\"\" class=\"wp-image-1747\" srcset=\"https:\/\/var2.in.rs\/wp-content\/uploads\/2026\/08\/NFF02-scaled.jpg 2560w, https:\/\/var2.in.rs\/wp-content\/uploads\/2026\/08\/NFF02-300x200.jpg 300w\" sizes=\"auto, (max-width: 2560px) 100vw, 2560px\" \/><\/figure>\n\n\n\n<p class=\"wp-block-paragraph\">Predstavljeni su i \u010dlanovi \u017eirija ovogodi\u0161njeg festivala koji \u0107e dodeliti nagrade u kategorijama za najbolji film kao i mnoga gluma\u010dka i specijalna priznanja. Publiku su ispred ovog odgovornog zadatka pozdravili Paulina Manov, Ivana Vukovi\u0107 i Katarina \u017duti\u0107.<\/p>\n\n\n\n<p class=\"wp-block-paragraph\">Gromoglasnim aplauzom mnogobrojna publika pozdravila je i gluma\u010dke zvezde poput Borisa Isakovi\u0107a, Jasne \u0110uri\u010di\u0107, Branislava Trifunovi\u0107a, Aleksandra Sre\u0107kovi\u0107a Kubure, Gordana Ki\u010di\u0107a, Ive Manojlovi\u0107, Maje \u0160u\u0161e, Milene Predi\u0107 i mnogih drugih&#8230;<\/p>\n\n\n\n<figure class=\"wp-block-image size-large\"><img loading=\"lazy\" decoding=\"async\" width=\"1024\" height=\"682\" src=\"https:\/\/var2.in.rs\/wp-content\/uploads\/2026\/08\/NFF05-1024x682.jpg\" alt=\"\" class=\"wp-image-1748\" srcset=\"https:\/\/var2.in.rs\/wp-content\/uploads\/2026\/08\/NFF05-1024x682.jpg 1024w, https:\/\/var2.in.rs\/wp-content\/uploads\/2026\/08\/NFF05-300x200.jpg 300w, https:\/\/var2.in.rs\/wp-content\/uploads\/2026\/08\/NFF05-767x511.jpg 767w, https:\/\/var2.in.rs\/wp-content\/uploads\/2026\/08\/NFF05-1536x1024.jpg 1536w, https:\/\/var2.in.rs\/wp-content\/uploads\/2026\/08\/NFF05-2048x1365.jpg 2048w\" sizes=\"auto, (max-width: 1024px) 100vw, 1024px\" \/><\/figure>\n\n\n\n<p class=\"wp-block-paragraph\">Publiku u Ni\u0161u do 3. septembra o\u010dekuje 21 naslov iz prethodne dve filmske sezone, uz posebne premijere filmova &#8222;Indeks&#8220;, &#8222;Me\u0111u bogovima&#8220;, &#8222;Pukotina u ledu&#8220;.<\/p>\n\n\n\n<p class=\"wp-block-paragraph\">Tokom narednih dana, crvenim tepihom pored Ni\u0161ave publiku \u0107e pozdraviti vi\u0161e od 100 najzna\u010dajnih gluma\u010dkih imena iz zemlje i regiona.<\/p>\n\n\n\n<figure class=\"wp-block-image size-full\"><img loading=\"lazy\" decoding=\"async\" width=\"2560\" height=\"1707\" src=\"https:\/\/var2.in.rs\/wp-content\/uploads\/2026\/08\/NFF01-1-scaled.jpg\" alt=\"\" class=\"wp-image-1750\" srcset=\"https:\/\/var2.in.rs\/wp-content\/uploads\/2026\/08\/NFF01-1-scaled.jpg 2560w, https:\/\/var2.in.rs\/wp-content\/uploads\/2026\/08\/NFF01-1-768x512.jpg 768w, https:\/\/var2.in.rs\/wp-content\/uploads\/2026\/08\/NFF01-1-300x200.jpg 300w, https:\/\/var2.in.rs\/wp-content\/uploads\/2026\/08\/NFF01-1-1024x683.jpg 1024w, https:\/\/var2.in.rs\/wp-content\/uploads\/2026\/08\/NFF01-1-1536x1024.jpg 1536w, https:\/\/var2.in.rs\/wp-content\/uploads\/2026\/08\/NFF01-1-2048x1365-1.jpg 2048w\" sizes=\"auto, (max-width: 2560px) 100vw, 2560px\" \/><\/figure>\n\n\n\n<p class=\"wp-block-paragraph\"> FOTOGRAFIJE: Tanja Drobnjak, Marko Zori\u0107<\/p>\n\n\n\n<figure class=\"wp-block-image size-large\"><img loading=\"lazy\" decoding=\"async\" width=\"1024\" height=\"683\" src=\"https:\/\/var2.in.rs\/wp-content\/uploads\/2026\/08\/IMG_9788-1024x683.jpeg\" alt=\"\" class=\"wp-image-1751\" srcset=\"https:\/\/var2.in.rs\/wp-content\/uploads\/2026\/08\/IMG_9788-1024x683.jpeg 1024w, https:\/\/var2.in.rs\/wp-content\/uploads\/2026\/08\/IMG_9788-768x512.jpeg 768w, https:\/\/var2.in.rs\/wp-content\/uploads\/2026\/08\/IMG_9788-300x200.jpeg 300w, https:\/\/var2.in.rs\/wp-content\/uploads\/2026\/08\/IMG_9788-1536x1024.jpeg 1536w, https:\/\/var2.in.rs\/wp-content\/uploads\/2026\/08\/IMG_9788-2048x1365.jpeg 2048w\" sizes=\"auto, (max-width: 1024px) 100vw, 1024px\" \/><\/figure>\n\n\n\n<p class=\"wp-block-paragraph\">TANJI BO\u0160KOVI\u0106 NAGRADA URU\u010cENA ZA \u017dIVOTNO DELO<\/p>\n\n\n\n<p class=\"wp-block-paragraph\">Poseban sjaj prve ve\u010deri Filmskog festivala u Ni\u0161u donelo je uru\u010denje najzna\u010dajnijeg gluma\u010dkog priznanja omiljenoj i priznatoj glumici Tanji Bo\u0161kovi\u0107. Kolega Patar Ben\u010dina predao je nagradu za \u017eivotno delo \u201ePavle Vuisi\u0107\u201c Tanji Bo\u0161kovi\u0107 koja je emotivno reagovala na gromoglasan aplauz kolega i mnogobrojne publike.<\/p>\n\n\n\n<p class=\"wp-block-paragraph\">\u201cNisam ovo zaslu\u017eila, ja sam najve\u0107e nagrade ve\u0107 dobila time \u0161to sam igrala sa Pavlom Vuisi\u0107em, sa Gagom, Milenom, Borom, Batom&#8230; To su moji ordeni, to je najvi\u0161e \u0161to mo\u017ee da se dobije u ovom poslu. Tako dobijete prijatelje koji, i kad odu sa ovog sveta, ostaju u va\u0161oj du\u0161i.<\/p>\n\n\n\n<figure class=\"wp-block-image size-large\"><img loading=\"lazy\" decoding=\"async\" width=\"1024\" height=\"682\" src=\"https:\/\/var2.in.rs\/wp-content\/uploads\/2026\/08\/IMG_9787-1024x682.jpeg\" alt=\"\" class=\"wp-image-1752\" srcset=\"https:\/\/var2.in.rs\/wp-content\/uploads\/2026\/08\/IMG_9787-1024x682.jpeg 1024w, https:\/\/var2.in.rs\/wp-content\/uploads\/2026\/08\/IMG_9787-300x200.jpeg 300w, https:\/\/var2.in.rs\/wp-content\/uploads\/2026\/08\/IMG_9787-767x511.jpeg 767w, https:\/\/var2.in.rs\/wp-content\/uploads\/2026\/08\/IMG_9787-1536x1024.jpeg 1536w, https:\/\/var2.in.rs\/wp-content\/uploads\/2026\/08\/IMG_9787-2048x1365.jpeg 2048w\" sizes=\"auto, (max-width: 1024px) 100vw, 1024px\" \/><\/figure>\n\n\n\n<p class=\"wp-block-paragraph\">Vama hvala, niste se promenili. I dalje pod ki\u0161obranima mo\u017eete da gledate film. Nadam se da \u0107emo se i dalje boriti sami, mada kad nas malo bolje pogledam i nismo ba\u0161 sami\u201d, izjavila je Tanja Bo\u0161kovi\u0107 nakon uru\u010denja priznanja.<\/p>\n\n\n\n<p class=\"wp-block-paragraph\">Odluku je doneo \u017eiri u sastavu Anica Dobra, Mirjana Karanovi\u0107 i Svetozar Cvetkovi\u0107, koji je u obrazlo\u017eenju istakao da je Tanja Bo\u0161kovi\u0107 tokom vi\u0161e od pola veka karijere izgradila opus koji je odavno postao deo zajedni\u010dkog se\u0107anja.<\/p>\n\n\n\n<p class=\"wp-block-paragraph\">&#8211; Vi\u0161e od pola veka Tanja Bo\u0161kovi\u0107 svojim darom, radom potvr\u0111uje da velika gluma nije samo ume\u0107e, ve\u0107 na\u010din da vreme u\u010dini\u0161 plemenitijim, a publiku bogatijom. Zato je njeno ime jedan od za\u0161titnih znakova doma\u0107e kinematografije\u201c &#8211; navodi se u obrazlo\u017eenju \u017eirija.<\/p>\n\n\n\n<figure class=\"wp-block-image size-large\"><img loading=\"lazy\" decoding=\"async\" width=\"1024\" height=\"683\" src=\"https:\/\/var2.in.rs\/wp-content\/uploads\/2026\/08\/IMG_9789-1024x683.jpeg\" alt=\"\" class=\"wp-image-1753\" srcset=\"https:\/\/var2.in.rs\/wp-content\/uploads\/2026\/08\/IMG_9789-1024x683.jpeg 1024w, https:\/\/var2.in.rs\/wp-content\/uploads\/2026\/08\/IMG_9789-300x200.jpeg 300w, https:\/\/var2.in.rs\/wp-content\/uploads\/2026\/08\/IMG_9789-768x512.jpeg 768w, https:\/\/var2.in.rs\/wp-content\/uploads\/2026\/08\/IMG_9789-1536x1024.jpeg 1536w, https:\/\/var2.in.rs\/wp-content\/uploads\/2026\/08\/IMG_9789-2048x1365.jpeg 2048w\" sizes=\"auto, (max-width: 1024px) 100vw, 1024px\" \/><\/figure>\n\n\n\n<p class=\"wp-block-paragraph\">Ove godine navr\u0161ava se 50 godina od izlaska filma &#8222;Vi\u0161e od igre&#8220; \u0161to je iskori\u0161\u0107eno kao slogan Ni\u0161kog filmskog festivala. Pavle Vuisi\u0107, jedan od njegovih protagonista, ve\u010diti je uzor i inspiracija njegovim kolegama koje danas odgovorno nastavljaju da neguju doma\u0107e dramsko stvarala\u0161tvo.<\/p>\n\n\n\n<p class=\"wp-block-paragraph\"><\/p>\n\n\n\n<p class=\"wp-block-paragraph\"> FOTOGRAFIJE: Tanja Drobnjak, Marko Zori\u0107<\/p>\n","protected":false},"excerpt":{"rendered":"<p>OVACIJE PUBLIKE OBELE\u017dILE SVE\u010cANO OTVARANJE FILMSKOG FESTIVALA U NI\u0160U SNAGA I LJUBAV U [&hellip;]<\/p>\n","protected":false},"author":1,"featured_media":0,"parent":0,"menu_order":0,"comment_status":"closed","ping_status":"closed","template":"","meta":{"footnotes":""},"class_list":["post-1745","page","type-page","status-publish","hentry"],"_links":{"self":[{"href":"https:\/\/var2.in.rs\/index.php\/wp-json\/wp\/v2\/pages\/1745","targetHints":{"allow":["GET"]}}],"collection":[{"href":"https:\/\/var2.in.rs\/index.php\/wp-json\/wp\/v2\/pages"}],"about":[{"href":"https:\/\/var2.in.rs\/index.php\/wp-json\/wp\/v2\/types\/page"}],"author":[{"embeddable":true,"href":"https:\/\/var2.in.rs\/index.php\/wp-json\/wp\/v2\/users\/1"}],"replies":[{"embeddable":true,"href":"https:\/\/var2.in.rs\/index.php\/wp-json\/wp\/v2\/comments?post=1745"}],"version-history":[{"count":1,"href":"https:\/\/var2.in.rs\/index.php\/wp-json\/wp\/v2\/pages\/1745\/revisions"}],"predecessor-version":[{"id":1754,"href":"https:\/\/var2.in.rs\/index.php\/wp-json\/wp\/v2\/pages\/1745\/revisions\/1754"}],"wp:attachment":[{"href":"https:\/\/var2.in.rs\/index.php\/wp-json\/wp\/v2\/media?parent=1745"}],"curies":[{"name":"wp","href":"https:\/\/api.w.org\/{rel}","templated":true}]}}